{"id":490,"date":"2024-10-23T15:17:36","date_gmt":"2024-10-23T13:17:36","guid":{"rendered":"https:\/\/www.ibericadesales.com\/sal-para-descalcificacion\/"},"modified":"2025-11-11T12:00:57","modified_gmt":"2025-11-11T11:00:57","slug":"sel-pour-adoucisseur-deau","status":"publish","type":"page","link":"https:\/\/www.ibericadesales.com\/fr\/sel-pour-adoucisseur-deau\/","title":{"rendered":"Sel pour Adoucisseur d\u2019Eau"},"content":{"rendered":"<div class=\"wpb-content-wrapper\"><p>[vc_row full_width=\u00a0\u00bbstretch_row\u00a0\u00bb css=\u00a0\u00bb.vc_custom_1729689209079{background-image: url(https:\/\/www.ibericadesales.com\/wp-content\/uploads\/2024\/10\/cab_descalcificacion.jpg?id=87) !important;background-position: center !important;background-repeat: no-repeat !important;background-size: cover !important;}\u00a0\u00bb el_class=\u00a0\u00bbtitular\u00a0\u00bb][vc_column][vc_column_text css=\u00a0\u00bb.vc_custom_1730375216432{margin-bottom: 0px !important;padding-bottom: 20px !important;}\u00a0\u00bb]Sel pour Adoucisseur d\u2019Eau[\/vc_column_text][vc_column_text el_class=\u00a0\u00bbbreadcrumb\u00a0\u00bb]<span><span><a href=\"https:\/\/www.ibericadesales.com\/fr\/\">Inicio<\/a><\/span><\/span>[\/vc_column_text][\/vc_column][\/vc_row][vc_row full_width=\u00a0\u00bbstretch_row\u00a0\u00bb gap=\u00a0\u00bb35&Prime; rtl_reverse=\u00a0\u00bbyes\u00a0\u00bb el_class=\u00a0\u00bbcontent_producto\u00a0\u00bb][vc_column width=\u00a0\u00bb1\/2&Prime; el_class=\u00a0\u00bbcol_ficha_foto\u00a0\u00bb][vc_single_image image=\u00a0\u00bb509&Prime; img_size=\u00a0\u00bblarge\u00a0\u00bb][vc_column_text el_class=\u00a0\u00bbficha_producto_caracteristicas\u00a0\u00bb]<\/p>\n<h3>CARAC\u00c9RISTIQUES<\/h3>\n<p>Le sel solaire pour adoucisseurs produit par Ib\u00e9rica de Sales est conforme \u00e0 la norme UNE-EN 973 (chlore sodique utilis\u00e9 dans les syst\u00e8mes de traitement de l\u2019eau comme agent de r\u00e9g\u00e9n\u00e9ration des r\u00e9sines \u00e9changeuses d\u2019ions utilis\u00e9es pour le traitement de l\u2019eau destin\u00e9e \u00e0 la consommation humaine).<\/p>\n<p>La cristallisation de notre sel est un processus naturel qui se produit sous l\u2019action du soleil et du vent. Un processus \u00e9cologique qui contribue \u00e0 r\u00e9duire l&#8217;empreinte carbone, de sa production \u00e0 sa livraison.<\/p>\n<h3>SERVICE<\/h3>\n<p>Notre stock de sel garantit un approvisionnement \u00e0 tout moment.<\/p>\n<p>L\u2019emplacement exceptionnel de nos mines et notre riche exp\u00e9rience dans le secteur de l\u2019alimentation animale nous permettent de proposer un service de haute qualit\u00e9 \u00e0 nos clients.[\/vc_column_text][\/vc_column][vc_column width=\u00a0\u00bb1\/2&Prime; el_class=\u00a0\u00bbcol_txt_foto\u00a0\u00bb][vc_column_text el_class=\u00a0\u00bbficha_cabecera\u00a0\u00bb]<img loading=\"lazy\" decoding=\"async\" class=\"alignnone wp-image-118 size-full\" src=\"https:\/\/www.ibericadesales.com\/wp-content\/uploads\/2024\/10\/icon_descalcificacion.png\" alt=\"\" width=\"75\" height=\"75\" \/><\/p>\n<h2>La solution naturelle pour prot\u00e9ger vos \u00e9quipements<\/h2>\n<p>[\/vc_column_text][vc_column_text el_class=\u00a0\u00bbtxt_descriptivo\u00a0\u00bb]Le sel est un \u00e9l\u00e9ment essentiel dans le processus d&rsquo;adoucissement de l&rsquo;eau.<\/p>\n<p>Le calcium et le magn\u00e9sium pr\u00e9sents dans l\u2019eau peuvent former des d\u00e9p\u00f4ts qui bouchent les tuyaux et affectent la performance des \u00e9quipements.<\/p>\n<p>Fonctionnant sur le principe de l&rsquo;\u00e9change ionique, les syst\u00e8mes de d\u00e9calcification captent les ions calcium et magn\u00e9sium, responsables de la duret\u00e9 de l&rsquo;eau, et les remplacent par des ions sodium, adoucissant ainsi l&rsquo;eau.<\/p>\n<p>Ib\u00e9rica de Sales produit du sel destin\u00e9 \u00e0 la r\u00e9g\u00e9n\u00e9ration de vos syst\u00e8mes d\u2019adoucissement, tant industriels que domestiques.[\/vc_column_text][vc_column_text el_class=\u00a0\u00bbficha_tabla\u00a0\u00bb]<\/p>\n<table style=\"border-collapse: collapse; width: 100%;\">\n<thead>\n<tr>\n<td style=\"width: 50%;\" colspan=\"2\">CARAC\u00c9RISTIQUES DU PRODUIT<\/td>\n<\/tr>\n<\/thead>\n<tbody>\n<tr>\n<td style=\"width: 33%;\">Granulom\u00e9trie<\/td>\n<td style=\"width: 50%;\">\n<table style=\"border-collapse: collapse; width: 100%;\">\n<tbody>\n<tr>\n<td style=\"width: 25%;\">Gros<\/td>\n<td style=\"width: 10%;\"><img loading=\"lazy\" decoding=\"async\" class=\"alignnone size-full wp-image-124\" src=\"https:\/\/www.ibericadesales.com\/wp-content\/uploads\/2024\/10\/icon_punto_2.png\" alt=\"\" width=\"13\" height=\"13\" \/><\/td>\n<td style=\"width: 33.3333%;\">\n<div class=\"page\" title=\"Page 1\">\n<div class=\"section\">\n<div class=\"layoutArea\">\n<div class=\"column\">\n<div class=\"page\" title=\"Page 1\">\n<div class=\"section\">\n<div class=\"layoutArea\">\n<div class=\"column\">\n<div class=\"page\" title=\"Page 1\">\n<div class=\"section\">\n<div class=\"layoutArea\">\n<div class=\"column\">\n<p>0 mm &#8211; 10 mm<\/p>\n<\/div>\n<\/div>\n<\/div>\n<\/div>\n<\/div>\n<\/div>\n<\/div>\n<\/div>\n<\/div>\n<\/div>\n<\/div>\n<\/div>\n<\/td>\n<\/tr>\n<\/tbody>\n<\/table>\n<\/td>\n<\/tr>\n<tr>\n<td style=\"width: 33%;\">Gamme de sels<\/td>\n<td style=\"width: 50%;\">\n<div class=\"page\" title=\"Page 1\">\n<div class=\"section\">\n<div class=\"layoutArea\">\n<div class=\"column\">\n<div class=\"page\" title=\"Page 1\">\n<div class=\"section\">\n<div class=\"layoutArea\">\n<div class=\"column\">\n<p>Sel solaire NaCI \u226598,5%<\/p>\n<p>Saumure<\/p>\n<\/div>\n<\/div>\n<\/div>\n<\/div>\n<\/div>\n<\/div>\n<\/div>\n<\/div>\n<\/td>\n<\/tr>\n<tr>\n<td style=\"width: 33%;\">Humidit\u00e9<\/td>\n<td style=\"width: 50%;\">\n<div class=\"page\" title=\"Page 1\">\n<div class=\"section\">\n<div class=\"layoutArea\">\n<div class=\"column\">\n<div class=\"page\" title=\"Page 1\">\n<div class=\"section\">\n<div class=\"layoutArea\">\n<div class=\"column\">\n<p>Sel solaire &lt;5%<\/p>\n<\/div>\n<\/div>\n<\/div>\n<\/div>\n<\/div>\n<\/div>\n<\/div>\n<\/div>\n<\/td>\n<\/tr>\n<tr>\n<td style=\"width: 33%;\">Conditionnement<\/td>\n<td style=\"width: 50%;\">\n<table style=\"border-collapse: collapse; width: 100%;\">\n<tbody>\n<tr>\n<td style=\"width: 50%;\">\n<div class=\"page\" title=\"Page 1\">\n<div class=\"section\">\n<div class=\"layoutArea\">\n<div class=\"column\">\n<p>Benne<\/p>\n<\/div>\n<\/div>\n<\/div>\n<\/div>\n<\/td>\n<td style=\"width: 50%;\"><img loading=\"lazy\" decoding=\"async\" class=\"alignnone wp-image-129 size-full\" src=\"https:\/\/www.ibericadesales.com\/wp-content\/uploads\/2024\/10\/icon_granel.png\" alt=\"\" width=\"46\" height=\"30\" \/><\/td>\n<\/tr>\n<tr>\n<td style=\"width: 50%;\">\n<div class=\"page\" title=\"Page 1\">\n<div class=\"section\">\n<div class=\"layoutArea\">\n<div class=\"column\">\n<p>Big Bags<\/p>\n<\/div>\n<\/div>\n<\/div>\n<\/div>\n<\/td>\n<td style=\"width: 50%;\"><img loading=\"lazy\" decoding=\"async\" class=\"alignnone wp-image-127 size-full\" src=\"https:\/\/www.ibericadesales.com\/wp-content\/uploads\/2024\/10\/icon_big_bag.png\" alt=\"\" width=\"46\" height=\"30\" \/><\/td>\n<\/tr>\n<tr>\n<td style=\"width: 50%;\">\n<div class=\"page\" title=\"Page 1\">\n<div class=\"section\">\n<div class=\"layoutArea\">\n<div class=\"column\">\n<p>Sacs de 25kg<\/p>\n<div class=\"mini\">(Europallets. 40 sacs par palette)<\/div>\n<\/div>\n<\/div>\n<\/div>\n<\/div>\n<\/td>\n<td style=\"width: 50%;\"><img loading=\"lazy\" decoding=\"async\" class=\"alignnone wp-image-130 size-full\" src=\"https:\/\/www.ibericadesales.com\/wp-content\/uploads\/2024\/10\/icon_saco.png\" alt=\"\" width=\"46\" height=\"30\" \/><\/td>\n<\/tr>\n<\/tbody>\n<\/table>\n<\/td>\n<\/tr>\n<\/tbody>\n<\/table>\n<p>[\/vc_column_text][vc_row_inner content_placement=\u00a0\u00bbmiddle\u00a0\u00bb el_class=\u00a0\u00bbficha_fila_producto\u00a0\u00bb][vc_column_inner width=\u00a0\u00bb1\/2&Prime;][vc_single_image image=\u00a0\u00bb480&Prime; img_size=\u00a0\u00bbmedium\u00a0\u00bb][\/vc_column_inner][vc_column_inner width=\u00a0\u00bb1\/2&Prime;][vc_column_text]<\/p>\n<h4>Sel pour Adoucisseur d\u2019Eau<\/h4>\n<p>[\/vc_column_text][vc_column_text el_class=\u00a0\u00bbboton_pagina\u00a0\u00bb]<a href=\"https:\/\/www.ibericadesales.com\/wp-content\/uploads\/2024\/12\/Fichas-francais-adoucisseur.pdf\" target=\"_blank\" rel=\"noopener\">Fiche de produit<\/a>[\/vc_column_text][\/vc_column_inner][\/vc_row_inner][\/vc_column][\/vc_row]<\/p>\n<\/div>","protected":false},"excerpt":{"rendered":"<p>[vc_row full_width=\u00a0\u00bbstretch_row\u00a0\u00bb css=\u00a0\u00bb.vc_custom_1729689209079{background-image: url(https:\/\/www.ibericadesales.com\/wp-content\/uploads\/2024\/10\/cab_descalcificacion.jpg?id=87) !important;background-position: center !important;background-repeat: no-repeat !important;background-size: cover !important;}\u00a0\u00bb el_class=\u00a0\u00bbtitular\u00a0\u00bb][vc_column][vc_column_text css=\u00a0\u00bb.vc_custom_1730375216432{margin-bottom: 0px !important;padding-bottom: 20px !important;}\u00a0\u00bb]Sel pour Adoucisseur d\u2019Eau[\/vc_column_text][vc_column_text el_class=\u00a0\u00bbbreadcrumb\u00a0\u00bb][\/vc_column_text][\/vc_column][\/vc_row][vc_row full_width=\u00a0\u00bbstretch_row\u00a0\u00bb gap=\u00a0\u00bb35&Prime; rtl_reverse=\u00a0\u00bbyes\u00a0\u00bb el_class=\u00a0\u00bbcontent_producto\u00a0\u00bb][vc_column width=\u00a0\u00bb1\/2&Prime; el_class=\u00a0\u00bbcol_ficha_foto\u00a0\u00bb][vc_single_image image=\u00a0\u00bb509&Prime; img_size=\u00a0\u00bblarge\u00a0\u00bb][vc_column_text el_class=\u00a0\u00bbficha_producto_caracteristicas\u00a0\u00bb] CARAC\u00c9RISTIQUES Le sel solaire pour adoucisseurs produit par Ib\u00e9rica de Sales est conforme \u00e0 la norme UNE-EN 973 (chlore sodique utilis\u00e9 dans les syst\u00e8mes de [&hellip;]<\/p>\n","protected":false},"author":1,"featured_media":0,"parent":0,"menu_order":0,"comment_status":"closed","ping_status":"closed","template":"","meta":{"footnotes":""},"class_list":["post-490","page","type-page","status-publish","hentry"],"acf":[],"yoast_head":"<!-- This site is optimized with the Yoast SEO plugin v27.0 - https:\/\/yoast.com\/product\/yoast-seo-wordpress\/ -->\n<title>Sel pour Adoucisseur d\u2019Eau | Ib\u00e9rica de Sales<\/title>\n<meta name=\"description\" content=\"Sel pour d\u00e9calcification | Id\u00e9al pour prolonger la dur\u00e9e de vie de votre adoucisseur et prot\u00e9ger vos appareils du surplus de calcaire.\" \/>\n<meta name=\"robots\" content=\"index, follow, max-snippet:-1, max-image-preview:large, max-video-preview:-1\" \/>\n<link rel=\"canonical\" href=\"https:\/\/www.ibericadesales.com\/fr\/sel-pour-adoucisseur-deau\/\" \/>\n<meta property=\"og:locale\" content=\"fr_FR\" \/>\n<meta property=\"og:type\" content=\"article\" \/>\n<meta property=\"og:title\" content=\"Sel pour Adoucisseur d\u2019Eau | Ib\u00e9rica de Sales\" \/>\n<meta property=\"og:description\" content=\"Sel pour d\u00e9calcification | Id\u00e9al pour prolonger la dur\u00e9e de vie de votre adoucisseur et prot\u00e9ger vos appareils du surplus de calcaire.\" \/>\n<meta property=\"og:url\" content=\"https:\/\/www.ibericadesales.com\/fr\/sel-pour-adoucisseur-deau\/\" \/>\n<meta property=\"og:site_name\" content=\"Ib\u00e9rica de Sales\" \/>\n<meta property=\"article:modified_time\" content=\"2025-11-11T11:00:57+00:00\" \/>\n<meta property=\"og:image\" content=\"https:\/\/www.ibericadesales.com\/wp-content\/uploads\/2024\/10\/icon_descalcificacion.png\" \/>\n<meta name=\"twitter:card\" content=\"summary_large_image\" \/>\n<meta name=\"twitter:label1\" content=\"Dur\u00e9e de lecture estim\u00e9e\" \/>\n\t<meta name=\"twitter:data1\" content=\"3 minutes\" \/>\n<script type=\"application\/ld+json\" class=\"yoast-schema-graph\">{\"@context\":\"https:\/\/schema.org\",\"@graph\":[{\"@type\":\"WebPage\",\"@id\":\"https:\/\/www.ibericadesales.com\/fr\/sel-pour-adoucisseur-deau\/\",\"url\":\"https:\/\/www.ibericadesales.com\/fr\/sel-pour-adoucisseur-deau\/\",\"name\":\"Sel pour Adoucisseur d\u2019Eau | Ib\u00e9rica de Sales\",\"isPartOf\":{\"@id\":\"https:\/\/www.ibericadesales.com\/#website\"},\"primaryImageOfPage\":{\"@id\":\"https:\/\/www.ibericadesales.com\/fr\/sel-pour-adoucisseur-deau\/#primaryimage\"},\"image\":{\"@id\":\"https:\/\/www.ibericadesales.com\/fr\/sel-pour-adoucisseur-deau\/#primaryimage\"},\"thumbnailUrl\":\"https:\/\/www.ibericadesales.com\/wp-content\/uploads\/2024\/10\/icon_descalcificacion.png\",\"datePublished\":\"2024-10-23T13:17:36+00:00\",\"dateModified\":\"2025-11-11T11:00:57+00:00\",\"description\":\"Sel pour d\u00e9calcification | Id\u00e9al pour prolonger la dur\u00e9e de vie de votre adoucisseur et prot\u00e9ger vos appareils du surplus de calcaire.\",\"breadcrumb\":{\"@id\":\"https:\/\/www.ibericadesales.com\/fr\/sel-pour-adoucisseur-deau\/#breadcrumb\"},\"inLanguage\":\"fr-FR\",\"potentialAction\":[{\"@type\":\"ReadAction\",\"target\":[\"https:\/\/www.ibericadesales.com\/fr\/sel-pour-adoucisseur-deau\/\"]}]},{\"@type\":\"ImageObject\",\"inLanguage\":\"fr-FR\",\"@id\":\"https:\/\/www.ibericadesales.com\/fr\/sel-pour-adoucisseur-deau\/#primaryimage\",\"url\":\"https:\/\/www.ibericadesales.com\/wp-content\/uploads\/2024\/10\/icon_descalcificacion.png\",\"contentUrl\":\"https:\/\/www.ibericadesales.com\/wp-content\/uploads\/2024\/10\/icon_descalcificacion.png\"},{\"@type\":\"BreadcrumbList\",\"@id\":\"https:\/\/www.ibericadesales.com\/fr\/sel-pour-adoucisseur-deau\/#breadcrumb\",\"itemListElement\":[{\"@type\":\"ListItem\",\"position\":1,\"name\":\"Inicio\",\"item\":\"https:\/\/www.ibericadesales.com\/fr\/\"},{\"@type\":\"ListItem\",\"position\":2,\"name\":\"Sel pour Adoucisseur d\u2019Eau\"}]},{\"@type\":\"WebSite\",\"@id\":\"https:\/\/www.ibericadesales.com\/#website\",\"url\":\"https:\/\/www.ibericadesales.com\/\",\"name\":\"Ib\u00e9rica de Sales\",\"description\":\"Productores de Sal para todo tipo de industrias\",\"publisher\":{\"@id\":\"https:\/\/www.ibericadesales.com\/#organization\"},\"alternateName\":\"Ib\u00e9rica de Sales\",\"potentialAction\":[{\"@type\":\"SearchAction\",\"target\":{\"@type\":\"EntryPoint\",\"urlTemplate\":\"https:\/\/www.ibericadesales.com\/?s={search_term_string}\"},\"query-input\":{\"@type\":\"PropertyValueSpecification\",\"valueRequired\":true,\"valueName\":\"search_term_string\"}}],\"inLanguage\":\"fr-FR\"},{\"@type\":\"Organization\",\"@id\":\"https:\/\/www.ibericadesales.com\/#organization\",\"name\":\"Ib\u00e9rica de Sales\",\"alternateName\":\"Productores de sal\",\"url\":\"https:\/\/www.ibericadesales.com\/\",\"logo\":{\"@type\":\"ImageObject\",\"inLanguage\":\"fr-FR\",\"@id\":\"https:\/\/www.ibericadesales.com\/#\/schema\/logo\/image\/\",\"url\":\"https:\/\/www.ibericadesales.com\/wp-content\/uploads\/2024\/12\/favicon.png\",\"contentUrl\":\"https:\/\/www.ibericadesales.com\/wp-content\/uploads\/2024\/12\/favicon.png\",\"width\":512,\"height\":512,\"caption\":\"Ib\u00e9rica de Sales\"},\"image\":{\"@id\":\"https:\/\/www.ibericadesales.com\/#\/schema\/logo\/image\/\"}}]}<\/script>\n<!-- \/ Yoast SEO plugin. -->","yoast_head_json":{"title":"Sel pour Adoucisseur d\u2019Eau | Ib\u00e9rica de Sales","description":"Sel pour d\u00e9calcification | Id\u00e9al pour prolonger la dur\u00e9e de vie de votre adoucisseur et prot\u00e9ger vos appareils du surplus de calcaire.","robots":{"index":"index","follow":"follow","max-snippet":"max-snippet:-1","max-image-preview":"max-image-preview:large","max-video-preview":"max-video-preview:-1"},"canonical":"https:\/\/www.ibericadesales.com\/fr\/sel-pour-adoucisseur-deau\/","og_locale":"fr_FR","og_type":"article","og_title":"Sel pour Adoucisseur d\u2019Eau | Ib\u00e9rica de Sales","og_description":"Sel pour d\u00e9calcification | Id\u00e9al pour prolonger la dur\u00e9e de vie de votre adoucisseur et prot\u00e9ger vos appareils du surplus de calcaire.","og_url":"https:\/\/www.ibericadesales.com\/fr\/sel-pour-adoucisseur-deau\/","og_site_name":"Ib\u00e9rica de Sales","article_modified_time":"2025-11-11T11:00:57+00:00","og_image":[{"url":"https:\/\/www.ibericadesales.com\/wp-content\/uploads\/2024\/10\/icon_descalcificacion.png","type":"","width":"","height":""}],"twitter_card":"summary_large_image","twitter_misc":{"Dur\u00e9e de lecture estim\u00e9e":"3 minutes"},"schema":{"@context":"https:\/\/schema.org","@graph":[{"@type":"WebPage","@id":"https:\/\/www.ibericadesales.com\/fr\/sel-pour-adoucisseur-deau\/","url":"https:\/\/www.ibericadesales.com\/fr\/sel-pour-adoucisseur-deau\/","name":"Sel pour Adoucisseur d\u2019Eau | Ib\u00e9rica de Sales","isPartOf":{"@id":"https:\/\/www.ibericadesales.com\/#website"},"primaryImageOfPage":{"@id":"https:\/\/www.ibericadesales.com\/fr\/sel-pour-adoucisseur-deau\/#primaryimage"},"image":{"@id":"https:\/\/www.ibericadesales.com\/fr\/sel-pour-adoucisseur-deau\/#primaryimage"},"thumbnailUrl":"https:\/\/www.ibericadesales.com\/wp-content\/uploads\/2024\/10\/icon_descalcificacion.png","datePublished":"2024-10-23T13:17:36+00:00","dateModified":"2025-11-11T11:00:57+00:00","description":"Sel pour d\u00e9calcification | Id\u00e9al pour prolonger la dur\u00e9e de vie de votre adoucisseur et prot\u00e9ger vos appareils du surplus de calcaire.","breadcrumb":{"@id":"https:\/\/www.ibericadesales.com\/fr\/sel-pour-adoucisseur-deau\/#breadcrumb"},"inLanguage":"fr-FR","potentialAction":[{"@type":"ReadAction","target":["https:\/\/www.ibericadesales.com\/fr\/sel-pour-adoucisseur-deau\/"]}]},{"@type":"ImageObject","inLanguage":"fr-FR","@id":"https:\/\/www.ibericadesales.com\/fr\/sel-pour-adoucisseur-deau\/#primaryimage","url":"https:\/\/www.ibericadesales.com\/wp-content\/uploads\/2024\/10\/icon_descalcificacion.png","contentUrl":"https:\/\/www.ibericadesales.com\/wp-content\/uploads\/2024\/10\/icon_descalcificacion.png"},{"@type":"BreadcrumbList","@id":"https:\/\/www.ibericadesales.com\/fr\/sel-pour-adoucisseur-deau\/#breadcrumb","itemListElement":[{"@type":"ListItem","position":1,"name":"Inicio","item":"https:\/\/www.ibericadesales.com\/fr\/"},{"@type":"ListItem","position":2,"name":"Sel pour Adoucisseur d\u2019Eau"}]},{"@type":"WebSite","@id":"https:\/\/www.ibericadesales.com\/#website","url":"https:\/\/www.ibericadesales.com\/","name":"Ib\u00e9rica de Sales","description":"Productores de Sal para todo tipo de industrias","publisher":{"@id":"https:\/\/www.ibericadesales.com\/#organization"},"alternateName":"Ib\u00e9rica de Sales","potentialAction":[{"@type":"SearchAction","target":{"@type":"EntryPoint","urlTemplate":"https:\/\/www.ibericadesales.com\/?s={search_term_string}"},"query-input":{"@type":"PropertyValueSpecification","valueRequired":true,"valueName":"search_term_string"}}],"inLanguage":"fr-FR"},{"@type":"Organization","@id":"https:\/\/www.ibericadesales.com\/#organization","name":"Ib\u00e9rica de Sales","alternateName":"Productores de sal","url":"https:\/\/www.ibericadesales.com\/","logo":{"@type":"ImageObject","inLanguage":"fr-FR","@id":"https:\/\/www.ibericadesales.com\/#\/schema\/logo\/image\/","url":"https:\/\/www.ibericadesales.com\/wp-content\/uploads\/2024\/12\/favicon.png","contentUrl":"https:\/\/www.ibericadesales.com\/wp-content\/uploads\/2024\/12\/favicon.png","width":512,"height":512,"caption":"Ib\u00e9rica de Sales"},"image":{"@id":"https:\/\/www.ibericadesales.com\/#\/schema\/logo\/image\/"}}]}},"_links":{"self":[{"href":"https:\/\/www.ibericadesales.com\/fr\/wp-json\/wp\/v2\/pages\/490","targetHints":{"allow":["GET"]}}],"collection":[{"href":"https:\/\/www.ibericadesales.com\/fr\/wp-json\/wp\/v2\/pages"}],"about":[{"href":"https:\/\/www.ibericadesales.com\/fr\/wp-json\/wp\/v2\/types\/page"}],"author":[{"embeddable":true,"href":"https:\/\/www.ibericadesales.com\/fr\/wp-json\/wp\/v2\/users\/1"}],"replies":[{"embeddable":true,"href":"https:\/\/www.ibericadesales.com\/fr\/wp-json\/wp\/v2\/comments?post=490"}],"version-history":[{"count":8,"href":"https:\/\/www.ibericadesales.com\/fr\/wp-json\/wp\/v2\/pages\/490\/revisions"}],"predecessor-version":[{"id":1343,"href":"https:\/\/www.ibericadesales.com\/fr\/wp-json\/wp\/v2\/pages\/490\/revisions\/1343"}],"wp:attachment":[{"href":"https:\/\/www.ibericadesales.com\/fr\/wp-json\/wp\/v2\/media?parent=490"}],"curies":[{"name":"wp","href":"https:\/\/api.w.org\/{rel}","templated":true}]}}